{"id":8,"date":"2018-09-13T03:24:31","date_gmt":"2018-09-13T03:24:31","guid":{"rendered":"http:\/\/irsfoundation.com\/wp\/regulations\/?page_id=8"},"modified":"2026-02-21T14:45:10","modified_gmt":"2026-02-21T13:45:10","slug":"sobre","status":"publish","type":"page","link":"https:\/\/www.cedjmb.pt\/index.php\/sobre\/","title":{"rendered":"Sobre"},"content":{"rendered":"<p><section class=\"kc-elm kc-css-638283 kc_row\"><div class=\"kc-row-container  kc-container\"><div class=\"kc-wrap-columns\"><div class=\"kc-elm kc-css-682225 kc_col-sm-6 kc_column kc_col-sm-6\"><div class=\"kc-col-container\"><div class=\"kc-elm kc-css-428721 kc_shortcode kc_single_image\">\n\n        <img decoding=\"async\" src=\"https:\/\/www.cedjmb.pt\/wp-content\/uploads\/2026\/02\/Caixas-CEDJMB-500x581xc.jpeg\" class=\"\" alt=\"\" \/>    <\/div>\n<\/div><\/div><div class=\"kc-elm kc-css-970416 kc_col-sm-6 kc_column kc_col-sm-6\"><div class=\"kc-col-container\"><div class=\"kc-elm kc-css-457582\" style=\"height: 50px; clear: both; width:100%;\"><\/div><div class=\"kc-elm kc-css-375212 kc_text_block\"><\/p>\n<p>O Centro de Estudos e Documenta\u00e7\u00e3o Jos\u00e9 M\u00e1rio Branco &#8211; M\u00fasica e Liberdade (CEDJMB-ML), sediado no Col\u00e9gio Almada Negreiros da Universidade Nova de Lisboa, foi criado em 2021 na sequ\u00eancia do dep\u00f3sito do acervo documental do m\u00fasico Jos\u00e9 M\u00e1rio Branco (1942-2019) nesta Institui\u00e7\u00e3o de Ensino.<\/p>\n<p>\n<\/div><div class=\"kc-elm kc-css-60642 kc_text_block\"><\/p>\n<p>Resultante de uma parceria entre dois institutos de investiga\u00e7\u00e3o na \u00e1rea das Ci\u00eancias Musicais, o Instituto de Etnomusicologia &#8211; Centro de Estudos em M\u00fasica e Dan\u00e7a (INET-md) e o Centro de Estudos em M\u00fasica (CESEM), \u00e0 qual se juntou posteriormente o Instituto de Hist\u00f3ria Contempor\u00e2nea (IHC), o Centro assume como objectivos centrais a preserva\u00e7\u00e3o, inventaria\u00e7\u00e3o e estudo do patrim\u00f3nio documental de Jos\u00e9 M\u00e1rio Branco, assim como a localiza\u00e7\u00e3o de materiais diversos relacionados com as suas m\u00faltiplas actividades.<\/p>\n<p>Para efeitos de inventaria\u00e7\u00e3o e disponibiliza\u00e7\u00e3o p\u00fablica do acervo documental, os investigadores do Centro JMB recorrem \u00e0 plataforma de descri\u00e7\u00e3o arquiv\u00edstica AtoM, integralmente voltada para a disponibiliza\u00e7\u00e3o online de conte\u00fados e baseada em normas do\u00a0Conselho Internacional de Arquivos\u00a0(CIA). Nesta plataforma, pretende-se espelhar a organiza\u00e7\u00e3o f\u00edsica dos materiais depositados, tendo sido mantida &#8211; dentro do poss\u00edvel &#8211; a organiza\u00e7\u00e3o original da documenta\u00e7\u00e3o. Foram tamb\u00e9m identificados outros materiais provindos ou localizados noutras institui\u00e7\u00f5es ou colec\u00e7\u00f5es pessoais relacionados com o percurso art\u00edstico e pessoal de Jos\u00e9 M\u00e1rio Branco, resultado do trabalho de investiga\u00e7\u00e3o dos curadores respons\u00e1veis pelo CEDJMB-ML.<\/p>\n<p>\n<\/div><\/div><\/div><\/div><\/div><\/section><section class=\"kc-elm kc-css-41047 kc_row\"><div class=\"kc-row-container  kc-container\"><div class=\"kc-wrap-columns\"><div class=\"kc-elm kc-css-38849 kc_col-sm-12 kc_column kc_col-sm-12\"><div class=\"kc-col-container\">\n\t<div class=\"kc-elm kc-css-122223 kc_shortcode kc_video_play kc_video_wrapper\" data-video=\"https:\/\/www.youtube.com\/watch?v=6nXWVqto0ho\" data-width=\"900\" data-height=\"508.47457627119\" data-fullwidth=\"\" data-autoplay=\"\" data-loop=\"yes\" data-control=\"yes\" data-related=\"\" data-showinfo=\"\" data-kc-video-mute=\"\">\n\t\t\t<\/div>\n\n<\/div><\/div><\/div><\/div><\/section><section data-kc-fullwidth=\"row\" class=\"kc-elm kc-css-540308 kc_row\"><div class=\"kc-row-container  kc-container\"><div class=\"kc-wrap-columns\"><div class=\"kc-elm kc-css-224426 kc_col-sm-12 kc_column kc_col-sm-12\"><div class=\"kc-col-container\">  <div class=\"section-title  section-title-69f2ff4c2428b \">\r\n      <span>A Equipa<\/span>\r\n      <h2>Respons\u00e1veis T\u00e9cnicos CEDJMB-ML<\/h2>\r\n  <\/div>\r\n   <\/div><\/div><\/div><\/div><\/section><section data-kc-fullwidth=\"row\" class=\"kc-elm kc-css-154669 kc_row\"><div class=\"kc-row-container  kc-container\"><div class=\"kc-wrap-columns\"><div class=\"kc-elm kc-css-183243 kc_col-of-5 kc_column kc_col-of-5\"><div class=\"kc-col-container\"><div class=\"kc-elm kc-css-918121 kc_shortcode kc_single_image\">\n\n        <a  href=\"https:\/\/www.inetmd.pt\/equipa\/hugo-castro\/\" title=\"\" target=\"_blank\">\n        <img decoding=\"async\" src=\"https:\/\/www.cedjmb.pt\/wp-content\/uploads\/2025\/06\/hugo-300x300-1.jpg\" class=\"\" alt=\"\" \/><div class=\"kc-image-overlay\"><i class=\"sl-plus\"><\/i><\/div>    <\/a>\n    <\/div>\n<div class=\"kc-elm kc-css-188656 kc_text_block\"><\/p>\n<h3><span style=\"font-size: 16px;\">Hugo Castro<\/span><\/h3>\n<p>\n<\/div><div class=\"kc-elm kc-css-241989 kc_text_block\"><\/p>\n<p><span style=\"font-size: 14px;\">Curador, INET-md<\/span><\/p>\n<p>\n<\/div><\/div><\/div><div class=\"kc-elm kc-css-64849 kc_col-of-5 kc_column kc_col-of-5\"><div class=\"kc-col-container\"><div class=\"kc-elm kc-css-439334 kc_shortcode kc_single_image\">\n\n        <a  href=\"https:\/\/cesem.fcsh.unl.pt\/pessoa\/patricia-lampreia-lopes\/\" title=\"\" target=\"_blank\">\n        <img decoding=\"async\" src=\"https:\/\/www.cedjmb.pt\/wp-content\/uploads\/2025\/06\/patricialopes.jpg\" class=\"\" alt=\"\" \/><div class=\"kc-image-overlay\"><i class=\"sl-plus\"><\/i><\/div>    <\/a>\n    <\/div>\n<div class=\"kc-elm kc-css-407785 kc_text_block\"><\/p>\n<h3><span style=\"font-size: 16px;\">Patr\u00edcia Lopes<\/span><\/h3>\n<p>\n<\/div><div class=\"kc-elm kc-css-704158 kc_text_block\"><\/p>\n<p><span style=\"font-size: 14px;\">CESEM<\/span><\/p>\n<p>\n<\/div><\/div><\/div><div class=\"kc-elm kc-css-179249 kc_col-of-5 kc_column kc_col-of-5\"><div class=\"kc-col-container\"><div class=\"kc-elm kc-css-465494 kc_shortcode kc_single_image\">\n\n        <a  href=\"https:\/\/www.inetmd.pt\/equipa\/ricardo-andrade\/\" title=\"\" target=\"_blank\">\n        <img decoding=\"async\" src=\"https:\/\/www.cedjmb.pt\/wp-content\/uploads\/2025\/05\/ricardo.jpg\" class=\"\" alt=\"\" \/><div class=\"kc-image-overlay\"><i class=\"sl-plus\"><\/i><\/div>    <\/a>\n    <\/div>\n<div class=\"kc-elm kc-css-130852 kc_text_block\"><\/p>\n<h3><font size=\"3\">Ricardo Andrade<\/font><\/h3>\n<p>\n<\/div><div class=\"kc-elm kc-css-24416 kc_text_block\"><\/p>\n<p><span style=\"font-size: 14px;\">Curador, INET-md<\/span><\/p>\n<p>\n<\/div><\/div><\/div><div class=\"kc-elm kc-css-698094 kc_col-of-5 kc_column kc_col-of-5\"><div class=\"kc-col-container\"><\/div><\/div><div class=\"kc-elm kc-css-523882 kc_col-of-5 kc_column kc_col-of-5\"><div class=\"kc-col-container\"><\/div><\/div><\/div><\/div><\/section><section data-kc-fullwidth=\"row\" class=\"kc-elm kc-css-237886 kc_row\"><div class=\"kc-row-container  kc-container\"><div class=\"kc-wrap-columns\"><div class=\"kc-elm kc-css-458824 kc_col-sm-12 kc_column kc_col-sm-12\"><div class=\"kc-col-container\">  <div class=\"section-title  section-title-69f2ff4c252d4 \">\r\n      <span><\/span>\r\n      <h2>Conselho cient\u00edfico CEDJMB-ML<\/h2>\r\n  <\/div>\r\n   <\/div><\/div><\/div><\/div><\/section><section data-kc-fullwidth=\"row\" class=\"kc-elm kc-css-560116 kc_row\"><div class=\"kc-row-container  kc-container\"><div class=\"kc-wrap-columns\"><div class=\"kc-elm kc-css-791586 kc_col-of-5 kc_column kc_col-of-5\"><div class=\"kc-col-container\"><div class=\"kc-elm kc-css-633434 kc_shortcode kc_single_image\">\n\n        <a  href=\"https:\/\/www.inetmd.pt\/equipa\/salwa-el-shawan-castelo-branco\/\" title=\"\" target=\"_blank\">\n        <img decoding=\"async\" src=\"https:\/\/www.cedjmb.pt\/wp-content\/uploads\/2025\/06\/salwa-300x300-1.jpg\" class=\"\" alt=\"\" \/><div class=\"kc-image-overlay\"><i class=\"sl-plus\"><\/i><\/div>    <\/a>\n    <\/div>\n<div class=\"kc-elm kc-css-789654 kc_text_block\"><\/p>\n<h3><span style=\"font-size: 16px;\">Salwa Castelo-Branco<\/span><\/h3>\n<p>\n<\/div><div class=\"kc-elm kc-css-71047 kc_text_block\"><\/p>\n<p><span style=\"font-size: 14px;\">Presidente<\/span><\/p>\n<p>\n<\/div><\/div><\/div><div class=\"kc-elm kc-css-243241 kc_col-of-5 kc_column kc_col-of-5\"><div class=\"kc-col-container\"><div class=\"kc-elm kc-css-789122 kc_shortcode kc_single_image\">\n\n        <a  href=\"https:\/\/cesem.fcsh.unl.pt\/pessoa\/manuel-pedro-ferreira\/\" title=\"\" target=\"_blank\">\n        <img decoding=\"async\" src=\"https:\/\/www.cedjmb.pt\/wp-content\/uploads\/2025\/06\/manuelpedroferreira.jpg\" class=\"\" alt=\"\" \/><div class=\"kc-image-overlay\"><i class=\"sl-plus\"><\/i><\/div>    <\/a>\n    <\/div>\n<div class=\"kc-elm kc-css-38859 kc_text_block\"><\/p>\n<h3><span style=\"font-size: 16px;\">Manuel Pedro Ferreira<\/span><\/h3>\n<p>\n<\/div><div class=\"kc-elm kc-css-35584 kc_text_block\"><\/p>\n<p><span style=\"font-size: 14px;\">Representante do CESEM<\/span><\/p>\n<p>\n<\/div><\/div><\/div><div class=\"kc-elm kc-css-220154 kc_col-of-5 kc_column kc_col-of-5\"><div class=\"kc-col-container\"><div class=\"kc-elm kc-css-970579 kc_shortcode kc_single_image\">\n\n        <a  href=\"https:\/\/www.inetmd.pt\/equipa\/manuel-deniz-silva\/\" title=\"\" target=\"_blank\">\n        <img decoding=\"async\" src=\"https:\/\/www.cedjmb.pt\/wp-content\/uploads\/2025\/06\/deniz-300x300-1.jpg\" class=\"\" alt=\"\" \/><div class=\"kc-image-overlay\"><i class=\"sl-plus\"><\/i><\/div>    <\/a>\n    <\/div>\n<div class=\"kc-elm kc-css-468642 kc_text_block\"><\/p>\n<h3><span style=\"font-size: 16px;\">Manuel Deniz Silva<\/span><\/h3>\n<p>\n<\/div><div class=\"kc-elm kc-css-761367 kc_text_block\"><\/p>\n<p><span style=\"font-size: 14px;\">Representante do INET-md<\/span><\/p>\n<p>\n<\/div><\/div><\/div><div class=\"kc-elm kc-css-34072 kc_col-of-5 kc_column kc_col-of-5\"><div class=\"kc-col-container\"><div class=\"kc-elm kc-css-659620 kc_shortcode kc_single_image\">\n\n        <a  href=\"https:\/\/antigo.ciac.pt\/pt-2\/antonio-branco\" title=\"\" target=\"_blank\">\n        <img decoding=\"async\" src=\"https:\/\/www.cedjmb.pt\/wp-content\/uploads\/2025\/06\/antoniobranco.jpg\" class=\"\" alt=\"\" \/><div class=\"kc-image-overlay\"><i class=\"sl-plus\"><\/i><\/div>    <\/a>\n    <\/div>\n<div class=\"kc-elm kc-css-131606 kc_text_block\"><\/p>\n<h3><span style=\"font-size: 16px;\">Ant\u00f3nio Branco<\/span><\/h3>\n<p>\n<\/div><div class=\"kc-elm kc-css-434956 kc_text_block\"><\/p>\n<p><span style=\"font-size: 14px;\">Curador,\u00a0<\/span><span style=\"font-style: inherit;\">Representante da fam\u00edlia de JMB<\/span><\/p>\n<p>\n<\/div><\/div><\/div><div class=\"kc-elm kc-css-845567 kc_col-of-5 kc_column kc_col-of-5\"><div class=\"kc-col-container\"><div class=\"kc-elm kc-css-274986 kc_shortcode kc_single_image\">\n\n        <a  href=\"https:\/\/ihc.fcsh.unl.pt\/luistrindade\/\" title=\"\" target=\"_blank\">\n        <img decoding=\"async\" src=\"https:\/\/www.cedjmb.pt\/wp-content\/uploads\/2025\/06\/luis-trindade.jpg\" class=\"\" alt=\"\" \/><div class=\"kc-image-overlay\"><i class=\"sl-plus\"><\/i><\/div>    <\/a>\n    <\/div>\n<div class=\"kc-elm kc-css-886756 kc_text_block\"><\/p>\n<h3><span style=\"font-size: 16px;\">Lu\u00eds Trindade<\/span><\/h3>\n<p>\n<\/div><div class=\"kc-elm kc-css-270746 kc_text_block\"><\/p>\n<p><span style=\"font-size: 14px;\">Representante do IHC<\/span><\/p>\n<p>\n<\/div><\/div><\/div><\/div><\/div><\/section><section class=\"kc-elm kc-css-750496 kc_row\"><div class=\"kc-row-container  kc-container\"><div class=\"kc-wrap-columns\"><div class=\"kc-elm kc-css-509434 kc_col-sm-12 kc_column kc_col-sm-12\"><div class=\"kc-col-container\">    <div class=\"social-newsletter-section  social-69f2ff4c26b6e \">\r\n      <div class=\"social-holder\">\r\n                   <div><a href=\"#\">\r\n            <i class=\"fab-facebook\"><\/i>\r\n            <span><\/span><\/a>\r\n          <\/div>\r\n                  <div><a href=\"#\">\r\n            <i class=\"fab-instagram\"><\/i>\r\n            <span><\/span><\/a>\r\n          <\/div>\r\n              <\/div>\r\n    <\/div>\r\n    <\/div><\/div><\/div><\/div><\/section><\/p>\n","protected":false},"excerpt":{"rendered":"","protected":false},"author":1,"featured_media":590,"parent":0,"menu_order":0,"comment_status":"closed","ping_status":"closed","template":"","meta":{"footnotes":""},"class_list":["post-8","page","type-page","status-publish","has-post-thumbnail","hentry"],"_links":{"self":[{"href":"https:\/\/www.cedjmb.pt\/index.php\/wp-json\/wp\/v2\/pages\/8","targetHints":{"allow":["GET"]}}],"collection":[{"href":"https:\/\/www.cedjmb.pt\/index.php\/wp-json\/wp\/v2\/pages"}],"about":[{"href":"https:\/\/www.cedjmb.pt\/index.php\/wp-json\/wp\/v2\/types\/page"}],"author":[{"embeddable":true,"href":"https:\/\/www.cedjmb.pt\/index.php\/wp-json\/wp\/v2\/users\/1"}],"replies":[{"embeddable":true,"href":"https:\/\/www.cedjmb.pt\/index.php\/wp-json\/wp\/v2\/comments?post=8"}],"version-history":[{"count":184,"href":"https:\/\/www.cedjmb.pt\/index.php\/wp-json\/wp\/v2\/pages\/8\/revisions"}],"predecessor-version":[{"id":1268,"href":"https:\/\/www.cedjmb.pt\/index.php\/wp-json\/wp\/v2\/pages\/8\/revisions\/1268"}],"wp:featuredmedia":[{"embeddable":true,"href":"https:\/\/www.cedjmb.pt\/index.php\/wp-json\/wp\/v2\/media\/590"}],"wp:attachment":[{"href":"https:\/\/www.cedjmb.pt\/index.php\/wp-json\/wp\/v2\/media?parent=8"}],"curies":[{"name":"wp","href":"https:\/\/api.w.org\/{rel}","templated":true}]}}